{"id":13,"date":"2010-02-15T20:48:27","date_gmt":"2010-02-15T14:48:27","guid":{"rendered":"http:\/\/stephanroiss.at\/?page_id=13"},"modified":"2024-08-05T13:13:36","modified_gmt":"2024-08-05T13:13:36","slug":"schreiben","status":"publish","type":"page","link":"https:\/\/stephanroiss.at\/?page_id=13","title":{"rendered":"Literatur"},"content":{"rendered":"\n<div style=\"height:30px\" aria-hidden=\"true\" class=\"wp-block-spacer\"><\/div>\n\n\n\n<div class=\"wp-block-columns alignwide is-layout-flex wp-container-core-columns-is-layout-28f84493 wp-block-columns-is-layout-flex\">\n<div class=\"wp-block-column is-layout-flow wp-block-column-is-layout-flow\" style=\"flex-basis:66.66%\">\n<div class=\"wp-block-group has-global-padding is-layout-constrained wp-block-group-is-layout-constrained\">\n<h3 class=\"wp-block-heading\">Arbeiten<\/h3>\n\n\n\n<ul class=\"has-small-font-size wp-block-list\">\n<li class=\"has-medium-font-size\">Lauter (Roman), Jung und Jung 2024<\/li>\n\n\n\n<li class=\"has-medium-font-size\">Triceratops (Roman), Kremayr &amp; Scheriau 2020<\/li>\n\n\n\n<li class=\"has-medium-font-size\">Kurzh\u00f6rspiele f\u00fcr die Ausstellung\/begehbare Erz\u00e4hlung &#8220;Turnton Dockland &#8211; Change Was Our Only Chance&#8221; des Kollektivs Time&#8217;s Up; Lentos Linz, 2017; Angewandte Innovation Lab Wien, 2019; H\u00f6henrausch Linz 2020<\/li>\n\n\n\n<li class=\"has-medium-font-size\">Vorerst niemals Chicago (H\u00f6rspiel, mit Tortoma), 2017<\/li>\n\n\n\n<li class=\"has-medium-font-size\">Hafen (Graphic Novel, mit Silke M\u00fcller), M\u00fcckenschwein 2017<\/li>\n\n\n\n<li class=\"has-medium-font-size\">Hektora 4 3 4 (Theaterst\u00fcck, Performance), 2016<\/li>\n\n\n\n<li class=\"has-medium-font-size\">20,5 vom Finnen (Lyrik, Kunstbuch von Stephan Blumenschein), NoISBN 2016<\/li>\n\n\n\n<li class=\"has-medium-font-size\">Februar.Null (H\u00f6rspiel &amp; Film, mit Fang den Berg &amp; Florian Hackl), 2016<\/li>\n\n\n\n<li class=\"has-medium-font-size\">MAD-MEX (H\u00f6rspiel), 2015<\/li>\n\n\n\n<li class=\"has-medium-font-size\">s\/t (Kurzh\u00f6rspiel), 2015<\/li>\n<\/ul>\n\n\n\n<p>z.B.<\/p>\n<\/div>\n\n\n\n<div style=\"height:30px\" aria-hidden=\"true\" class=\"wp-block-spacer\"><\/div>\n\n\n\n<div class=\"wp-block-group has-global-padding is-layout-constrained wp-block-group-is-layout-constrained\">\n<h3 class=\"wp-block-heading\">Auszeichnungen \/ Preise<\/h3>\n\n\n\n<ul class=\"has-small-font-size wp-block-list\">\n<li class=\"has-medium-font-size\">Kandidat Hotlist, 2024<\/li>\n\n\n\n<li class=\"has-medium-font-size\">ORF-Bestenliste Mai &amp; Juni, 2024<\/li>\n\n\n\n<li class=\"has-medium-font-size\">Nominierung Deutscher Buchpreis (Longlist), 2020<\/li>\n\n\n\n<li class=\"has-medium-font-size\">Nominierung Retzhofer Dramapreis, 2019<\/li>\n\n\n\n<li class=\"has-medium-font-size\">F\u00f6rderpreis der Wuppertaler Literaturbiennale, 2018<\/li>\n\n\n\n<li class=\"has-medium-font-size\">Ottensheimer Kulturpreis, 2018<\/li>\n\n\n\n<li class=\"has-medium-font-size\">Co-Gewinner Lyrikwettbewerb zwischen\/poesie, 2018<\/li>\n\n\n\n<li class=\"has-medium-font-size\">Gewinn Internationaler H\u00f6rspielwettbewerb des Leipziger H\u00f6rspielsommers, 2017<\/li>\n\n\n\n<li class=\"has-medium-font-size\">3.Platz H\u00f6rspielinsel Chemnitz (Langh\u00f6rspiel), 2017<\/li>\n\n\n\n<li class=\"has-medium-font-size\">F\u00f6rderpreis Floriana, 2016<\/li>\n\n\n\n<li class=\"has-medium-font-size\">Else-Lasker-Sch\u00fcler-St\u00fcckepreis, 2016<\/li>\n\n\n\n<li class=\"has-medium-font-size\">2. Platz Berliner H\u00f6rspielfestival (Kategorie Kurzh\u00f6rspiel), 2016<\/li>\n\n\n\n<li class=\"has-medium-font-size\">Gewinn Internationaler H\u00f6rspielwettbewerb des Leipziger H\u00f6rspielsommers, 2015<\/li>\n\n\n\n<li class=\"has-medium-font-size\">Kunstf\u00f6rderstipendium Sparte Literatur und Kulturpublizistik (Stadt Linz), 2014<\/li>\n\n\n\n<li class=\"has-medium-font-size\">1. Preis Akademie Graz Literaturwettbewerb, 2013<\/li>\n\n\n\n<li class=\"has-medium-font-size\">Talentf\u00f6rderungspr\u00e4mie Sparte Literatur (Land O\u00d6), 2007<\/li>\n<\/ul>\n\n\n\n<p>z.B.<\/p>\n<\/div>\n\n\n\n<div style=\"height:30px\" aria-hidden=\"true\" class=\"wp-block-spacer\"><\/div>\n\n\n\n<div class=\"wp-block-group has-global-padding is-layout-constrained wp-block-group-is-layout-constrained\">\n<h3 class=\"wp-block-heading\">Stipendien<\/h3>\n\n\n\n<ul class=\"wp-block-list\">\n<li class=\"has-medium-font-size\">Projektstipendium (BMK\u00d6S), 2022<\/li>\n\n\n\n<li class=\"has-medium-font-size\">Adalbert-Stifter-Stipendium (Land O\u00d6), 2020<\/li>\n\n\n\n<li class=\"has-medium-font-size\">SKE-Jubil\u00e4umsfondsstipendium, 2019<\/li>\n\n\n\n<li class=\"has-medium-font-size\">Startstipendium (BKA \u00d6), 2018<\/li>\n\n\n\n<li class=\"has-medium-font-size\">DramatikerInnenstipendium (BKA \u00d6), 2016<\/li>\n\n\n\n<li class=\"has-medium-font-size\">Projektf\u00f6rderung Linz EXPOrt, 2015<\/li>\n<\/ul>\n\n\n\n<p>z.B.<\/p>\n<\/div>\n\n\n\n<div style=\"height:30px\" aria-hidden=\"true\" class=\"wp-block-spacer\"><\/div>\n\n\n\n<div class=\"wp-block-group has-global-padding is-layout-constrained wp-block-group-is-layout-constrained\">\n<h3 class=\"wp-block-heading\">Aufenthaltsstipendien \/ Residencies \/ Werkst\u00e4tten<\/h3>\n\n\n\n<ul class=\"wp-block-list\">\n<li>Buch13-Stipendium, Villach, 2024<\/li>\n\n\n\n<li>Aufenthaltsstipendium (Land O\u00d6) Egon Schiele Art Centrum \/ \u010cesk\u00fd Krumlov (\u010cZ), 2023<\/li>\n\n\n\n<li>Aufenthaltsstipendium (\u00d6GfL) Casa Litterarum \/ Paliano \/ Italien, 2023<\/li>\n\n\n\n<li>Arbeitsaufenthalt (literar mechana), Altaussee, 2023<\/li>\n\n\n\n<li>author@musil (Robert-Musil-Institut), Klagenfurt, 2022<\/li>\n\n\n\n<li>Arbeitsaufenthalt (literar mechana), Venedig, 2021<\/li>\n\n\n\n<li>Aufenthaltsstipendium (Land O\u00d6) Villa Rabl, Bad Hall, 2021<\/li>\n\n\n\n<li>Aufenthaltsstipendium (Land O\u00d6) Egon Schiele Art Centrum \/ \u010cesk\u00fd Krumlov (\u010cZ), 2019<\/li>\n\n\n\n<li>Schreibwerkstatt der J\u00fcrgen-Ponto-Stiftung, Herrenhaus Edenkoben, 2018<\/li>\n\n\n\n<li>Hamburger Gast (Stadtschreiber), 2017<\/li>\n\n\n\n<li>Stipendium DramatikerInnenb\u00f6rse (Theaterfestival &#8220;Luaga &amp; Losna&#8221;), 2017<\/li>\n\n\n\n<li>Aufenthaltsstipendium K\u00fcnstlerhaus Edenkoben (D), 2016<\/li>\n\n\n\n<li>Artist in Residence G\u00e4ngeviertel Hamburg, 2016<\/li>\n\n\n\n<li>Aufenthaltsstipendium (Land O\u00d6) Egon Schiele Art Centrum \/ \u010cesk\u00fd Krumlov (\u010cZ), 2016<\/li>\n\n\n\n<li>Aufenthaltsstipendium K\u00fcnstlerdorf Sch\u00f6ppingen (D), 2015<\/li>\n\n\n\n<li>Stipendium DramatikerInnenb\u00f6rse (Theaterfestival &#8220;Luaga &amp; Losna&#8221;), 2015<\/li>\n\n\n\n<li>Artist in Residence Schaumbad (Freies Atelierhaus Graz), 2014<\/li>\n\n\n\n<li>Rom-Stipendium (BMUKK \u00d6), 2013<\/li>\n\n\n\n<li>Aufenthaltsstipendium (Land O\u00d6) Domus Artium \/ Paliano \/ Italien, 2011<\/li>\n\n\n\n<li>Aufenthaltsstipendium (Land O\u00d6) Villa Wittgenstein-Stonborough \/ Gmunden, 2009<\/li>\n<\/ul>\n\n\n\n<p>z.B.<\/p>\n<\/div>\n\n\n\n<div style=\"height:30px\" aria-hidden=\"true\" class=\"wp-block-spacer\"><\/div>\n\n\n\n<div class=\"wp-block-group has-global-padding is-layout-constrained wp-block-group-is-layout-constrained\">\n<h3 class=\"wp-block-heading has-text-align-left\">Lesungen \/ Literarische Auftritte<\/h3>\n\n\n\n<p>Berlin, Hamburg, M\u00fcnchen, Frankfurt, Stuttgart, Leipzig, Erfurt, T\u00fcbingen, Passau, Edenkoben, Sch\u00f6ppingen, Venedig, Wien, Graz, Linz, Salzburg, Innsbruck, Klagenfurt, Villach, Wels, Steyr, V\u00f6cklabruck, Schlierbach, St.Florian, Nenzing, Zwettl, Kirchdorf\/Krems, Ottensheim, z.B.<\/p>\n<\/div>\n\n\n\n<div style=\"height:30px\" aria-hidden=\"true\" class=\"wp-block-spacer\"><\/div>\n\n\n\n<div class=\"wp-block-group has-global-padding is-layout-constrained wp-block-group-is-layout-constrained\">\n<h3 class=\"wp-block-heading\">Mitgliedschaften<\/h3>\n\n\n\n<p><a href=\"https:\/\/www.gav.at\/\" target=\"blank\" rel=\"noopener\">GAV<\/a> &amp; <a href=\"http:\/\/www.literaturhaus.at\/index.php?id=6541\" target=\"blank\" rel=\"noopener\">IG Autorinnen Autoren<\/a>.<\/p>\n<\/div>\n<\/div>\n\n\n\n<div class=\"wp-block-column is-layout-flow wp-block-column-is-layout-flow\" style=\"flex-basis:33.33%\">\n<figure class=\"wp-block-image is-resized\"><a href=\"https:\/\/stephanroiss.at\/wp-content\/uploads\/2010\/02\/P1A67962.jpg\"><img loading=\"lazy\" decoding=\"async\" width=\"682\" height=\"1024\" src=\"https:\/\/stephanroiss.at\/wp-content\/uploads\/2010\/02\/P1A67962-682x1024.jpg\" alt=\"\" class=\"wp-image-3467\" style=\"width:444px;height:auto\" title=\"StephanRoiss_FotoZoeGoldstein\" srcset=\"https:\/\/stephanroiss.at\/wp-content\/uploads\/2010\/02\/P1A67962-682x1024.jpg 682w, https:\/\/stephanroiss.at\/wp-content\/uploads\/2010\/02\/P1A67962-200x300.jpg 200w, https:\/\/stephanroiss.at\/wp-content\/uploads\/2010\/02\/P1A67962.jpg 1575w\" sizes=\"auto, (max-width: 682px) 100vw, 682px\" \/><\/a><figcaption class=\"wp-element-caption\">Foto: Zoe Goldstein<\/figcaption><\/figure>\n<\/div>\n<\/div>\n\n\n\n<div class=\"wp-block-columns alignwide is-layout-flex wp-container-core-columns-is-layout-28f84493 wp-block-columns-is-layout-flex\">\n<div class=\"wp-block-column is-layout-flow wp-block-column-is-layout-flow\"><\/div>\n\n\n\n<div class=\"wp-block-column is-layout-flow wp-block-column-is-layout-flow\"><\/div>\n<\/div>\n","protected":false},"excerpt":{"rendered":"<p>Arbeiten z.B. Auszeichnungen \/ Preise z.B. Stipendien z.B. Aufenthaltsstipendien \/ Residencies \/ Werkst\u00e4tten z.B. Lesungen \/ Literarische Auftritte Berlin, Hamburg, M\u00fcnchen, Frankfurt, Stuttgart, Leipzig, Erfurt, T\u00fcbingen, Passau, Edenkoben, Sch\u00f6ppingen, Venedig, Wien, Graz, Linz, Salzburg, Innsbruck, Klagenfurt, Villach, Wels, Steyr, V\u00f6cklabruck, Schlierbach, St.Florian, Nenzing, Zwettl, Kirchdorf\/Krems, Ottensheim, z.B. Mitgliedschaften GAV &amp; IG Autorinnen Autoren.<\/p>\n","protected":false},"author":2,"featured_media":0,"parent":0,"menu_order":1,"comment_status":"open","ping_status":"open","template":"","meta":{"footnotes":""},"class_list":["post-13","page","type-page","status-publish","hentry"],"_links":{"self":[{"href":"https:\/\/stephanroiss.at\/index.php?rest_route=\/wp\/v2\/pages\/13","targetHints":{"allow":["GET"]}}],"collection":[{"href":"https:\/\/stephanroiss.at\/index.php?rest_route=\/wp\/v2\/pages"}],"about":[{"href":"https:\/\/stephanroiss.at\/index.php?rest_route=\/wp\/v2\/types\/page"}],"author":[{"embeddable":true,"href":"https:\/\/stephanroiss.at\/index.php?rest_route=\/wp\/v2\/users\/2"}],"replies":[{"embeddable":true,"href":"https:\/\/stephanroiss.at\/index.php?rest_route=%2Fwp%2Fv2%2Fcomments&post=13"}],"version-history":[{"count":260,"href":"https:\/\/stephanroiss.at\/index.php?rest_route=\/wp\/v2\/pages\/13\/revisions"}],"predecessor-version":[{"id":3737,"href":"https:\/\/stephanroiss.at\/index.php?rest_route=\/wp\/v2\/pages\/13\/revisions\/3737"}],"wp:attachment":[{"href":"https:\/\/stephanroiss.at\/index.php?rest_route=%2Fwp%2Fv2%2Fmedia&parent=13"}],"curies":[{"name":"wp","href":"https:\/\/api.w.org\/{rel}","templated":true}]}}